{"id":5237,"date":"2015-10-15T10:40:04","date_gmt":"2015-10-15T13:40:04","guid":{"rendered":"https:\/\/psjbatista.org.br\/paroquia\/wp-content\/uploads\/2015\/10\/IMG_6508.jpg"},"modified":"2015-10-15T10:40:04","modified_gmt":"2015-10-15T13:40:04","slug":"img_6508","status":"inherit","type":"attachment","link":"https:\/\/psjbatista.org.br\/paroquia\/solenidade-de-nossa-senhora-aparecida-2015-missa-e-procissao\/img_6508\/","title":{"rendered":"IMG_6508"},"author":5,"featured_media":0,"comment_status":"closed","ping_status":"closed","template":"","meta":{"om_disable_all_campaigns":false,"_uf_show_specific_survey":0,"_uf_disable_surveys":false},"class_list":["post-5237","attachment","type-attachment","status-inherit","hentry"],"aioseo_notices":[],"aioseo_head":"\n\t\t<!-- All in One SEO 4.9.10 - aioseo.com -->\n\t<meta name=\"robots\" content=\"max-image-preview:large\" \/>\n\t<meta name=\"author\" content=\"Webmaster\"\/>\n\t<link rel=\"canonical\" href=\"https:\/\/psjbatista.org.br\/paroquia\/solenidade-de-nossa-senhora-aparecida-2015-missa-e-procissao\/img_6508\/\" \/>\n\t<meta name=\"generator\" content=\"All in One SEO (AIOSEO) 4.9.10\" \/>\n\t\t<meta property=\"og:locale\" content=\"pt_BR\" \/>\n\t\t<meta property=\"og:site_name\" content=\"Par\u00f3quia S\u00e3o Jo\u00e3o Batista Rudge Ramos\/SBC  - Diocese de Santo Andr\u00e9 - Brasil\" \/>\n\t\t<meta property=\"og:type\" content=\"article\" \/>\n\t\t<meta property=\"og:title\" content=\"IMG_6508 - Par\u00f3quia S\u00e3o Jo\u00e3o Batista\" \/>\n\t\t<meta property=\"og:url\" content=\"https:\/\/psjbatista.org.br\/paroquia\/solenidade-de-nossa-senhora-aparecida-2015-missa-e-procissao\/img_6508\/\" \/>\n\t\t<meta property=\"article:published_time\" content=\"2015-10-15T13:40:04+00:00\" \/>\n\t\t<meta property=\"article:modified_time\" content=\"2015-10-15T13:40:04+00:00\" \/>\n\t\t<meta property=\"article:publisher\" content=\"https:\/\/www.facebook.com\/psjbrudgeramos\/\" \/>\n\t\t<meta name=\"twitter:card\" content=\"summary_large_image\" \/>\n\t\t<meta name=\"twitter:site\" content=\"@sjbatista_sbc\" \/>\n\t\t<meta name=\"twitter:title\" content=\"IMG_6508 - Par\u00f3quia S\u00e3o Jo\u00e3o Batista\" \/>\n\t\t<meta name=\"twitter:creator\" content=\"@sjbatista_sbc\" \/>\n\t\t<script type=\"application\/ld+json\" class=\"aioseo-schema\">\n\t\t\t{\"@context\":\"https:\\\/\\\/schema.org\",\"@graph\":[{\"@type\":\"BreadcrumbList\",\"@id\":\"https:\\\/\\\/psjbatista.org.br\\\/paroquia\\\/solenidade-de-nossa-senhora-aparecida-2015-missa-e-procissao\\\/img_6508\\\/#breadcrumblist\",\"itemListElement\":[{\"@type\":\"ListItem\",\"@id\":\"https:\\\/\\\/psjbatista.org.br\\\/paroquia#listItem\",\"position\":1,\"name\":\"Home\",\"item\":\"https:\\\/\\\/psjbatista.org.br\\\/paroquia\",\"nextItem\":{\"@type\":\"ListItem\",\"@id\":\"https:\\\/\\\/psjbatista.org.br\\\/paroquia\\\/solenidade-de-nossa-senhora-aparecida-2015-missa-e-procissao\\\/img_6508\\\/#listItem\",\"name\":\"IMG_6508\"}},{\"@type\":\"ListItem\",\"@id\":\"https:\\\/\\\/psjbatista.org.br\\\/paroquia\\\/solenidade-de-nossa-senhora-aparecida-2015-missa-e-procissao\\\/img_6508\\\/#listItem\",\"position\":2,\"name\":\"IMG_6508\",\"previousItem\":{\"@type\":\"ListItem\",\"@id\":\"https:\\\/\\\/psjbatista.org.br\\\/paroquia#listItem\",\"name\":\"Home\"}}]},{\"@type\":\"ItemPage\",\"@id\":\"https:\\\/\\\/psjbatista.org.br\\\/paroquia\\\/solenidade-de-nossa-senhora-aparecida-2015-missa-e-procissao\\\/img_6508\\\/#itempage\",\"url\":\"https:\\\/\\\/psjbatista.org.br\\\/paroquia\\\/solenidade-de-nossa-senhora-aparecida-2015-missa-e-procissao\\\/img_6508\\\/\",\"name\":\"IMG_6508 - Par\\u00f3quia S\\u00e3o Jo\\u00e3o Batista\",\"inLanguage\":\"pt-BR\",\"isPartOf\":{\"@id\":\"https:\\\/\\\/psjbatista.org.br\\\/paroquia\\\/#website\"},\"breadcrumb\":{\"@id\":\"https:\\\/\\\/psjbatista.org.br\\\/paroquia\\\/solenidade-de-nossa-senhora-aparecida-2015-missa-e-procissao\\\/img_6508\\\/#breadcrumblist\"},\"author\":{\"@id\":\"https:\\\/\\\/psjbatista.org.br\\\/paroquia\\\/author\\\/admin-2\\\/#author\"},\"creator\":{\"@id\":\"https:\\\/\\\/psjbatista.org.br\\\/paroquia\\\/author\\\/admin-2\\\/#author\"},\"datePublished\":\"2015-10-15T10:40:04-03:00\",\"dateModified\":\"2015-10-15T10:40:04-03:00\"},{\"@type\":\"Organization\",\"@id\":\"https:\\\/\\\/psjbatista.org.br\\\/paroquia\\\/#organization\",\"name\":\"Par\\u00f3quia S\\u00e3o Jo\\u00e3o Batista\",\"description\":\"Rudge Ramos\\\/SBC  - Diocese de Santo Andr\\u00e9 - Brasil\",\"url\":\"https:\\\/\\\/psjbatista.org.br\\\/paroquia\\\/\",\"telephone\":\"+551143685026\",\"logo\":{\"@type\":\"ImageObject\",\"url\":\"https:\\\/\\\/psjbatista.org.br\\\/paroquia\\\/wp-content\\\/uploads\\\/2016\\\/03\\\/cropped-avatarSJB.png\",\"@id\":\"https:\\\/\\\/psjbatista.org.br\\\/paroquia\\\/solenidade-de-nossa-senhora-aparecida-2015-missa-e-procissao\\\/img_6508\\\/#organizationLogo\",\"width\":512,\"height\":512},\"image\":{\"@id\":\"https:\\\/\\\/psjbatista.org.br\\\/paroquia\\\/solenidade-de-nossa-senhora-aparecida-2015-missa-e-procissao\\\/img_6508\\\/#organizationLogo\"},\"sameAs\":[\"https:\\\/\\\/www.facebook.com\\\/psjbrudgeramos\\\/\",\"https:\\\/\\\/twitter.com\\\/sjbatista_sbc\",\"https:\\\/\\\/www.instagram.com\\\/sjbatista_sbc\\\/\"]},{\"@type\":\"Person\",\"@id\":\"https:\\\/\\\/psjbatista.org.br\\\/paroquia\\\/author\\\/admin-2\\\/#author\",\"url\":\"https:\\\/\\\/psjbatista.org.br\\\/paroquia\\\/author\\\/admin-2\\\/\",\"name\":\"Webmaster\",\"image\":{\"@type\":\"ImageObject\",\"@id\":\"https:\\\/\\\/psjbatista.org.br\\\/paroquia\\\/solenidade-de-nossa-senhora-aparecida-2015-missa-e-procissao\\\/img_6508\\\/#authorImage\",\"url\":\"https:\\\/\\\/psjbatista.org.br\\\/paroquia\\\/wp-content\\\/uploads\\\/2014\\\/08\\\/PSJB_-150x150.png\",\"width\":96,\"height\":96,\"caption\":\"Webmaster\"}},{\"@type\":\"WebSite\",\"@id\":\"https:\\\/\\\/psjbatista.org.br\\\/paroquia\\\/#website\",\"url\":\"https:\\\/\\\/psjbatista.org.br\\\/paroquia\\\/\",\"name\":\"Par\\u00f3quia S\\u00e3o Jo\\u00e3o Batista\",\"alternateName\":\"Igreja S\\u00e3o Jo\\u00e3o Batista Rudge Ramos\",\"description\":\"Rudge Ramos\\\/SBC  - Diocese de Santo Andr\\u00e9 - Brasil\",\"inLanguage\":\"pt-BR\",\"publisher\":{\"@id\":\"https:\\\/\\\/psjbatista.org.br\\\/paroquia\\\/#organization\"}}]}\n\t\t<\/script>\n\t\t<!-- All in One SEO -->\n\n","aioseo_head_json":{"title":"IMG_6508 - Par\u00f3quia S\u00e3o Jo\u00e3o Batista","description":"","canonical_url":"https:\/\/psjbatista.org.br\/paroquia\/solenidade-de-nossa-senhora-aparecida-2015-missa-e-procissao\/img_6508\/","robots":"max-image-preview:large","keywords":"","webmasterTools":{"miscellaneous":""},"schema":{"@context":"https:\/\/schema.org","@graph":[{"@type":"BreadcrumbList","@id":"https:\/\/psjbatista.org.br\/paroquia\/solenidade-de-nossa-senhora-aparecida-2015-missa-e-procissao\/img_6508\/#breadcrumblist","itemListElement":[{"@type":"ListItem","@id":"https:\/\/psjbatista.org.br\/paroquia#listItem","position":1,"name":"Home","item":"https:\/\/psjbatista.org.br\/paroquia","nextItem":{"@type":"ListItem","@id":"https:\/\/psjbatista.org.br\/paroquia\/solenidade-de-nossa-senhora-aparecida-2015-missa-e-procissao\/img_6508\/#listItem","name":"IMG_6508"}},{"@type":"ListItem","@id":"https:\/\/psjbatista.org.br\/paroquia\/solenidade-de-nossa-senhora-aparecida-2015-missa-e-procissao\/img_6508\/#listItem","position":2,"name":"IMG_6508","previousItem":{"@type":"ListItem","@id":"https:\/\/psjbatista.org.br\/paroquia#listItem","name":"Home"}}]},{"@type":"ItemPage","@id":"https:\/\/psjbatista.org.br\/paroquia\/solenidade-de-nossa-senhora-aparecida-2015-missa-e-procissao\/img_6508\/#itempage","url":"https:\/\/psjbatista.org.br\/paroquia\/solenidade-de-nossa-senhora-aparecida-2015-missa-e-procissao\/img_6508\/","name":"IMG_6508 - Par\u00f3quia S\u00e3o Jo\u00e3o Batista","inLanguage":"pt-BR","isPartOf":{"@id":"https:\/\/psjbatista.org.br\/paroquia\/#website"},"breadcrumb":{"@id":"https:\/\/psjbatista.org.br\/paroquia\/solenidade-de-nossa-senhora-aparecida-2015-missa-e-procissao\/img_6508\/#breadcrumblist"},"author":{"@id":"https:\/\/psjbatista.org.br\/paroquia\/author\/admin-2\/#author"},"creator":{"@id":"https:\/\/psjbatista.org.br\/paroquia\/author\/admin-2\/#author"},"datePublished":"2015-10-15T10:40:04-03:00","dateModified":"2015-10-15T10:40:04-03:00"},{"@type":"Organization","@id":"https:\/\/psjbatista.org.br\/paroquia\/#organization","name":"Par\u00f3quia S\u00e3o Jo\u00e3o Batista","description":"Rudge Ramos\/SBC  - Diocese de Santo Andr\u00e9 - Brasil","url":"https:\/\/psjbatista.org.br\/paroquia\/","telephone":"+551143685026","logo":{"@type":"ImageObject","url":"https:\/\/psjbatista.org.br\/paroquia\/wp-content\/uploads\/2016\/03\/cropped-avatarSJB.png","@id":"https:\/\/psjbatista.org.br\/paroquia\/solenidade-de-nossa-senhora-aparecida-2015-missa-e-procissao\/img_6508\/#organizationLogo","width":512,"height":512},"image":{"@id":"https:\/\/psjbatista.org.br\/paroquia\/solenidade-de-nossa-senhora-aparecida-2015-missa-e-procissao\/img_6508\/#organizationLogo"},"sameAs":["https:\/\/www.facebook.com\/psjbrudgeramos\/","https:\/\/twitter.com\/sjbatista_sbc","https:\/\/www.instagram.com\/sjbatista_sbc\/"]},{"@type":"Person","@id":"https:\/\/psjbatista.org.br\/paroquia\/author\/admin-2\/#author","url":"https:\/\/psjbatista.org.br\/paroquia\/author\/admin-2\/","name":"Webmaster","image":{"@type":"ImageObject","@id":"https:\/\/psjbatista.org.br\/paroquia\/solenidade-de-nossa-senhora-aparecida-2015-missa-e-procissao\/img_6508\/#authorImage","url":"https:\/\/psjbatista.org.br\/paroquia\/wp-content\/uploads\/2014\/08\/PSJB_-150x150.png","width":96,"height":96,"caption":"Webmaster"}},{"@type":"WebSite","@id":"https:\/\/psjbatista.org.br\/paroquia\/#website","url":"https:\/\/psjbatista.org.br\/paroquia\/","name":"Par\u00f3quia S\u00e3o Jo\u00e3o Batista","alternateName":"Igreja S\u00e3o Jo\u00e3o Batista Rudge Ramos","description":"Rudge Ramos\/SBC  - Diocese de Santo Andr\u00e9 - Brasil","inLanguage":"pt-BR","publisher":{"@id":"https:\/\/psjbatista.org.br\/paroquia\/#organization"}}]},"og:locale":"pt_BR","og:site_name":"Par\u00f3quia S\u00e3o Jo\u00e3o Batista Rudge Ramos\/SBC  - Diocese de Santo Andr\u00e9 - Brasil","og:type":"article","og:title":"IMG_6508 - Par\u00f3quia S\u00e3o Jo\u00e3o Batista","og:url":"https:\/\/psjbatista.org.br\/paroquia\/solenidade-de-nossa-senhora-aparecida-2015-missa-e-procissao\/img_6508\/","article:published_time":"2015-10-15T13:40:04+00:00","article:modified_time":"2015-10-15T13:40:04+00:00","article:publisher":"https:\/\/www.facebook.com\/psjbrudgeramos\/","twitter:card":"summary_large_image","twitter:site":"@sjbatista_sbc","twitter:title":"IMG_6508 - Par\u00f3quia S\u00e3o Jo\u00e3o Batista","twitter:creator":"@sjbatista_sbc"},"aioseo_meta_data":{"post_id":"5237","title":null,"description":null,"keywords":null,"keyphrases":null,"primary_term":null,"canonical_url":null,"og_title":null,"og_description":null,"og_object_type":"default","og_image_type":"default","og_image_url":null,"og_image_width":null,"og_image_height":null,"og_image_custom_url":null,"og_image_custom_fields":null,"og_video":null,"og_custom_url":null,"og_article_section":null,"og_article_tags":null,"twitter_use_og":false,"twitter_card":"default","twitter_image_type":"default","twitter_image_url":null,"twitter_image_custom_url":null,"twitter_image_custom_fields":null,"twitter_title":null,"twitter_description":null,"schema":{"blockGraphs":[],"customGraphs":[],"default":{"data":{"Article":[],"Course":[],"Dataset":[],"FAQPage":[],"Movie":[],"Person":[],"Product":[],"ProductReview":[],"Car":[],"Recipe":[],"Service":[],"SoftwareApplication":[],"WebPage":[]},"graphName":"","isEnabled":true},"graphs":[]},"schema_type":"default","schema_type_options":null,"pillar_content":false,"robots_default":true,"robots_noindex":false,"robots_noarchive":false,"robots_nosnippet":false,"robots_nofollow":false,"robots_noimageindex":false,"robots_noodp":false,"robots_notranslate":false,"robots_max_snippet":null,"robots_max_videopreview":null,"robots_max_imagepreview":"large","priority":null,"frequency":null,"local_seo":null,"breadcrumb_settings":null,"limit_modified_date":false,"ai":null,"created":"2024-02-14 02:19:49","updated":"2025-06-09 13:17:48","seo_analyzer_scan_date":null},"aioseo_breadcrumb":"<div class=\"aioseo-breadcrumbs\"><span class=\"aioseo-breadcrumb\">\n\t\t\t<a href=\"https:\/\/psjbatista.org.br\/paroquia\" title=\"Home\">Home<\/a>\n\t\t<\/span><span class=\"aioseo-breadcrumb-separator\">&raquo;<\/span><span class=\"aioseo-breadcrumb\">\n\t\t\tIMG_6508\n\t\t<\/span><\/div>","aioseo_breadcrumb_json":[{"label":"Home","link":"https:\/\/psjbatista.org.br\/paroquia"},{"label":"IMG_6508","link":"https:\/\/psjbatista.org.br\/paroquia\/solenidade-de-nossa-senhora-aparecida-2015-missa-e-procissao\/img_6508\/"}],"description":{"rendered":"<p class=\"attachment\"><a href='https:\/\/psjbatista.org.br\/paroquia\/wp-content\/uploads\/2015\/10\/IMG_6508.jpg'><img loading=\"lazy\" decoding=\"async\" width=\"197\" height=\"320\" src=\"https:\/\/psjbatista.org.br\/paroquia\/wp-content\/uploads\/2015\/10\/IMG_6508-197x320.jpg\" class=\"attachment-medium size-medium\" alt=\"\" srcset=\"https:\/\/psjbatista.org.br\/paroquia\/wp-content\/uploads\/2015\/10\/IMG_6508-197x320.jpg 197w, https:\/\/psjbatista.org.br\/paroquia\/wp-content\/uploads\/2015\/10\/IMG_6508-393x640.jpg 393w, https:\/\/psjbatista.org.br\/paroquia\/wp-content\/uploads\/2015\/10\/IMG_6508-184x300.jpg 184w, https:\/\/psjbatista.org.br\/paroquia\/wp-content\/uploads\/2015\/10\/IMG_6508.jpg 629w\" sizes=\"auto, (max-width: 197px) 100vw, 197px\" \/><\/a><\/p>\n"},"caption":{"rendered":""},"alt_text":"","media_type":"image","mime_type":"image\/jpeg","media_details":{"width":629,"height":1024,"file":"2015\/10\/IMG_6508.jpg","sizes":{"medium":{"file":"IMG_6508-197x320.jpg","width":197,"height":320,"mime_type":"image\/jpeg","source_url":"https:\/\/psjbatista.org.br\/paroquia\/wp-content\/uploads\/2015\/10\/IMG_6508-197x320.jpg"},"large":{"file":"IMG_6508-393x640.jpg","width":393,"height":640,"mime_type":"image\/jpeg","source_url":"https:\/\/psjbatista.org.br\/paroquia\/wp-content\/uploads\/2015\/10\/IMG_6508-393x640.jpg"},"readline-small":{"file":"IMG_6508-200x200.jpg","width":200,"height":200,"mime_type":"image\/jpeg","source_url":"https:\/\/psjbatista.org.br\/paroquia\/wp-content\/uploads\/2015\/10\/IMG_6508-200x200.jpg"},"readline-medium":{"file":"IMG_6508-520x292.jpg","width":520,"height":292,"mime_type":"image\/jpeg","source_url":"https:\/\/psjbatista.org.br\/paroquia\/wp-content\/uploads\/2015\/10\/IMG_6508-520x292.jpg"},"readline-large":{"file":"IMG_6508-629x404.jpg","width":629,"height":404,"mime_type":"image\/jpeg","source_url":"https:\/\/psjbatista.org.br\/paroquia\/wp-content\/uploads\/2015\/10\/IMG_6508-629x404.jpg"},"readline-huge":{"file":"IMG_6508-629x620.jpg","width":629,"height":620,"mime_type":"image\/jpeg","source_url":"https:\/\/psjbatista.org.br\/paroquia\/wp-content\/uploads\/2015\/10\/IMG_6508-629x620.jpg"},"readline-square":{"file":"IMG_6508-500x500.jpg","width":500,"height":500,"mime_type":"image\/jpeg","source_url":"https:\/\/psjbatista.org.br\/paroquia\/wp-content\/uploads\/2015\/10\/IMG_6508-500x500.jpg"},"readline-height":{"file":"IMG_6508-320x480.jpg","width":320,"height":480,"mime_type":"image\/jpeg","source_url":"https:\/\/psjbatista.org.br\/paroquia\/wp-content\/uploads\/2015\/10\/IMG_6508-320x480.jpg"},"alx-small":{"file":"IMG_6508-200x200.jpg","width":200,"height":200,"mime_type":"image\/jpeg","source_url":"https:\/\/psjbatista.org.br\/paroquia\/wp-content\/uploads\/2015\/10\/IMG_6508-200x200.jpg"},"alx-medium":{"file":"IMG_6508-520x292.jpg","width":520,"height":292,"mime_type":"image\/jpeg","source_url":"https:\/\/psjbatista.org.br\/paroquia\/wp-content\/uploads\/2015\/10\/IMG_6508-520x292.jpg"},"thumbnail":{"file":"IMG_6508-150x150.jpg","width":150,"height":150,"ewww_image_optimizer":"Sem redu\u00e7\u00f5es","mime_type":"image\/jpeg","source_url":"https:\/\/psjbatista.org.br\/paroquia\/wp-content\/uploads\/2015\/10\/IMG_6508-150x150.jpg"},"sow-carousel-default":{"file":"IMG_6508-272x182.jpg","width":272,"height":182,"ewww_image_optimizer":"Sem redu\u00e7\u00f5es","mime_type":"image\/jpeg","source_url":"https:\/\/psjbatista.org.br\/paroquia\/wp-content\/uploads\/2015\/10\/IMG_6508-272x182.jpg"},"medium_old_184x300":{"file":"IMG_6508-184x300.jpg","width":184,"height":300,"ewww_image_optimizer":"Sem redu\u00e7\u00f5es","mime_type":"image\/jpeg","source_url":"https:\/\/psjbatista.org.br\/paroquia\/wp-content\/uploads\/2015\/10\/IMG_6508-184x300.jpg"},"large_old_629x1024":{"file":"IMG_6508-629x1024.jpg","width":629,"height":1024,"ewww_image_optimizer":"Sem redu\u00e7\u00f5es","mime_type":"image\/jpeg","source_url":"https:\/\/psjbatista.org.br\/paroquia\/wp-content\/uploads\/2015\/10\/IMG_6508-629x1024.jpg"},"featured":{"file":"IMG_6508-629x300.jpg","width":629,"height":300,"ewww_image_optimizer":"Sem redu\u00e7\u00f5es","mime_type":"image\/jpeg","source_url":"https:\/\/psjbatista.org.br\/paroquia\/wp-content\/uploads\/2015\/10\/IMG_6508-629x300.jpg"},"featured-home":{"file":"IMG_6508-485x400.jpg","width":485,"height":400,"ewww_image_optimizer":"Sem redu\u00e7\u00f5es","mime_type":"image\/jpeg","source_url":"https:\/\/psjbatista.org.br\/paroquia\/wp-content\/uploads\/2015\/10\/IMG_6508-485x400.jpg"},"full":{"file":"IMG_6508.jpg","width":629,"height":1024,"mime_type":"image\/jpeg","source_url":"https:\/\/psjbatista.org.br\/paroquia\/wp-content\/uploads\/2015\/10\/IMG_6508.jpg"}},"image_meta":{"aperture":"0","credit":"","camera":"","caption":"","created_timestamp":"0","copyright":"","focal_length":"0","iso":"0","shutter_speed":"0","title":"","orientation":"0","keywords":[]}},"post":5236,"source_url":"https:\/\/psjbatista.org.br\/paroquia\/wp-content\/uploads\/2015\/10\/IMG_6508.jpg","filename":"IMG_6508.jpg","filesize":603401,"_links":{"self":[{"href":"https:\/\/psjbatista.org.br\/paroquia\/wp-json\/wp\/v2\/media\/5237","targetHints":{"allow":["GET"]}}],"collection":[{"href":"https:\/\/psjbatista.org.br\/paroquia\/wp-json\/wp\/v2\/media"}],"about":[{"href":"https:\/\/psjbatista.org.br\/paroquia\/wp-json\/wp\/v2\/types\/attachment"}],"author":[{"embeddable":true,"href":"https:\/\/psjbatista.org.br\/paroquia\/wp-json\/wp\/v2\/users\/5"}],"replies":[{"embeddable":true,"href":"https:\/\/psjbatista.org.br\/paroquia\/wp-json\/wp\/v2\/comments?post=5237"}],"wp:attached-to":[{"embeddable":true,"post_type":"post","id":5236,"href":"https:\/\/psjbatista.org.br\/paroquia\/wp-json\/wp\/v2\/posts\/5236"}],"curies":[{"name":"wp","href":"https:\/\/api.w.org\/{rel}","templated":true}]}}