{"id":3408,"date":"2014-12-11T13:21:24","date_gmt":"2014-12-11T15:21:24","guid":{"rendered":"https:\/\/psjbatista.org.br\/paroquia\/wp-content\/uploads\/2014\/12\/IMG_1622.jpg"},"modified":"2014-12-11T13:21:24","modified_gmt":"2014-12-11T15:21:24","slug":"img_1622","status":"inherit","type":"attachment","link":"https:\/\/psjbatista.org.br\/paroquia\/exposicao-de-presepios-2014\/img_1622\/","title":{"rendered":"IMG_1622"},"author":5,"featured_media":0,"comment_status":"closed","ping_status":"closed","template":"","meta":{"om_disable_all_campaigns":false,"_uf_show_specific_survey":0,"_uf_disable_surveys":false},"class_list":["post-3408","attachment","type-attachment","status-inherit","hentry"],"aioseo_notices":[],"aioseo_head":"\n\t\t<!-- All in One SEO 4.9.10 - aioseo.com -->\n\t<meta name=\"robots\" content=\"max-image-preview:large\" \/>\n\t<meta name=\"author\" content=\"Webmaster\"\/>\n\t<link rel=\"canonical\" href=\"https:\/\/psjbatista.org.br\/paroquia\/exposicao-de-presepios-2014\/img_1622\/\" \/>\n\t<meta name=\"generator\" content=\"All in One SEO (AIOSEO) 4.9.10\" \/>\n\t\t<meta property=\"og:locale\" content=\"pt_BR\" \/>\n\t\t<meta property=\"og:site_name\" content=\"Par\u00f3quia S\u00e3o Jo\u00e3o Batista Rudge Ramos\/SBC  - Diocese de Santo Andr\u00e9 - Brasil\" \/>\n\t\t<meta property=\"og:type\" content=\"article\" \/>\n\t\t<meta property=\"og:title\" content=\"IMG_1622 - Par\u00f3quia S\u00e3o Jo\u00e3o Batista\" \/>\n\t\t<meta property=\"og:url\" content=\"https:\/\/psjbatista.org.br\/paroquia\/exposicao-de-presepios-2014\/img_1622\/\" \/>\n\t\t<meta property=\"article:published_time\" content=\"2014-12-11T15:21:24+00:00\" \/>\n\t\t<meta property=\"article:modified_time\" content=\"2014-12-11T15:21:24+00:00\" \/>\n\t\t<meta property=\"article:publisher\" content=\"https:\/\/www.facebook.com\/psjbrudgeramos\/\" \/>\n\t\t<meta name=\"twitter:card\" content=\"summary_large_image\" \/>\n\t\t<meta name=\"twitter:site\" content=\"@sjbatista_sbc\" \/>\n\t\t<meta name=\"twitter:title\" content=\"IMG_1622 - Par\u00f3quia S\u00e3o Jo\u00e3o Batista\" \/>\n\t\t<meta name=\"twitter:creator\" content=\"@sjbatista_sbc\" \/>\n\t\t<script type=\"application\/ld+json\" class=\"aioseo-schema\">\n\t\t\t{\"@context\":\"https:\\\/\\\/schema.org\",\"@graph\":[{\"@type\":\"BreadcrumbList\",\"@id\":\"https:\\\/\\\/psjbatista.org.br\\\/paroquia\\\/exposicao-de-presepios-2014\\\/img_1622\\\/#breadcrumblist\",\"itemListElement\":[{\"@type\":\"ListItem\",\"@id\":\"https:\\\/\\\/psjbatista.org.br\\\/paroquia#listItem\",\"position\":1,\"name\":\"Home\",\"item\":\"https:\\\/\\\/psjbatista.org.br\\\/paroquia\",\"nextItem\":{\"@type\":\"ListItem\",\"@id\":\"https:\\\/\\\/psjbatista.org.br\\\/paroquia\\\/exposicao-de-presepios-2014\\\/img_1622\\\/#listItem\",\"name\":\"IMG_1622\"}},{\"@type\":\"ListItem\",\"@id\":\"https:\\\/\\\/psjbatista.org.br\\\/paroquia\\\/exposicao-de-presepios-2014\\\/img_1622\\\/#listItem\",\"position\":2,\"name\":\"IMG_1622\",\"previousItem\":{\"@type\":\"ListItem\",\"@id\":\"https:\\\/\\\/psjbatista.org.br\\\/paroquia#listItem\",\"name\":\"Home\"}}]},{\"@type\":\"ItemPage\",\"@id\":\"https:\\\/\\\/psjbatista.org.br\\\/paroquia\\\/exposicao-de-presepios-2014\\\/img_1622\\\/#itempage\",\"url\":\"https:\\\/\\\/psjbatista.org.br\\\/paroquia\\\/exposicao-de-presepios-2014\\\/img_1622\\\/\",\"name\":\"IMG_1622 - Par\\u00f3quia S\\u00e3o Jo\\u00e3o Batista\",\"inLanguage\":\"pt-BR\",\"isPartOf\":{\"@id\":\"https:\\\/\\\/psjbatista.org.br\\\/paroquia\\\/#website\"},\"breadcrumb\":{\"@id\":\"https:\\\/\\\/psjbatista.org.br\\\/paroquia\\\/exposicao-de-presepios-2014\\\/img_1622\\\/#breadcrumblist\"},\"author\":{\"@id\":\"https:\\\/\\\/psjbatista.org.br\\\/paroquia\\\/author\\\/admin-2\\\/#author\"},\"creator\":{\"@id\":\"https:\\\/\\\/psjbatista.org.br\\\/paroquia\\\/author\\\/admin-2\\\/#author\"},\"datePublished\":\"2014-12-11T13:21:24-02:00\",\"dateModified\":\"2014-12-11T13:21:24-02:00\"},{\"@type\":\"Organization\",\"@id\":\"https:\\\/\\\/psjbatista.org.br\\\/paroquia\\\/#organization\",\"name\":\"Par\\u00f3quia S\\u00e3o Jo\\u00e3o Batista\",\"description\":\"Rudge Ramos\\\/SBC  - Diocese de Santo Andr\\u00e9 - Brasil\",\"url\":\"https:\\\/\\\/psjbatista.org.br\\\/paroquia\\\/\",\"telephone\":\"+551143685026\",\"logo\":{\"@type\":\"ImageObject\",\"url\":\"https:\\\/\\\/psjbatista.org.br\\\/paroquia\\\/wp-content\\\/uploads\\\/2016\\\/03\\\/cropped-avatarSJB.png\",\"@id\":\"https:\\\/\\\/psjbatista.org.br\\\/paroquia\\\/exposicao-de-presepios-2014\\\/img_1622\\\/#organizationLogo\",\"width\":512,\"height\":512},\"image\":{\"@id\":\"https:\\\/\\\/psjbatista.org.br\\\/paroquia\\\/exposicao-de-presepios-2014\\\/img_1622\\\/#organizationLogo\"},\"sameAs\":[\"https:\\\/\\\/www.facebook.com\\\/psjbrudgeramos\\\/\",\"https:\\\/\\\/twitter.com\\\/sjbatista_sbc\",\"https:\\\/\\\/www.instagram.com\\\/sjbatista_sbc\\\/\"]},{\"@type\":\"Person\",\"@id\":\"https:\\\/\\\/psjbatista.org.br\\\/paroquia\\\/author\\\/admin-2\\\/#author\",\"url\":\"https:\\\/\\\/psjbatista.org.br\\\/paroquia\\\/author\\\/admin-2\\\/\",\"name\":\"Webmaster\",\"image\":{\"@type\":\"ImageObject\",\"@id\":\"https:\\\/\\\/psjbatista.org.br\\\/paroquia\\\/exposicao-de-presepios-2014\\\/img_1622\\\/#authorImage\",\"url\":\"https:\\\/\\\/psjbatista.org.br\\\/paroquia\\\/wp-content\\\/uploads\\\/2014\\\/08\\\/PSJB_-150x150.png\",\"width\":96,\"height\":96,\"caption\":\"Webmaster\"}},{\"@type\":\"WebSite\",\"@id\":\"https:\\\/\\\/psjbatista.org.br\\\/paroquia\\\/#website\",\"url\":\"https:\\\/\\\/psjbatista.org.br\\\/paroquia\\\/\",\"name\":\"Par\\u00f3quia S\\u00e3o Jo\\u00e3o Batista\",\"alternateName\":\"Igreja S\\u00e3o Jo\\u00e3o Batista Rudge Ramos\",\"description\":\"Rudge Ramos\\\/SBC  - Diocese de Santo Andr\\u00e9 - Brasil\",\"inLanguage\":\"pt-BR\",\"publisher\":{\"@id\":\"https:\\\/\\\/psjbatista.org.br\\\/paroquia\\\/#organization\"}}]}\n\t\t<\/script>\n\t\t<!-- All in One SEO -->\n\n","aioseo_head_json":{"title":"IMG_1622 - Par\u00f3quia S\u00e3o Jo\u00e3o Batista","description":"","canonical_url":"https:\/\/psjbatista.org.br\/paroquia\/exposicao-de-presepios-2014\/img_1622\/","robots":"max-image-preview:large","keywords":"","webmasterTools":{"miscellaneous":""},"schema":{"@context":"https:\/\/schema.org","@graph":[{"@type":"BreadcrumbList","@id":"https:\/\/psjbatista.org.br\/paroquia\/exposicao-de-presepios-2014\/img_1622\/#breadcrumblist","itemListElement":[{"@type":"ListItem","@id":"https:\/\/psjbatista.org.br\/paroquia#listItem","position":1,"name":"Home","item":"https:\/\/psjbatista.org.br\/paroquia","nextItem":{"@type":"ListItem","@id":"https:\/\/psjbatista.org.br\/paroquia\/exposicao-de-presepios-2014\/img_1622\/#listItem","name":"IMG_1622"}},{"@type":"ListItem","@id":"https:\/\/psjbatista.org.br\/paroquia\/exposicao-de-presepios-2014\/img_1622\/#listItem","position":2,"name":"IMG_1622","previousItem":{"@type":"ListItem","@id":"https:\/\/psjbatista.org.br\/paroquia#listItem","name":"Home"}}]},{"@type":"ItemPage","@id":"https:\/\/psjbatista.org.br\/paroquia\/exposicao-de-presepios-2014\/img_1622\/#itempage","url":"https:\/\/psjbatista.org.br\/paroquia\/exposicao-de-presepios-2014\/img_1622\/","name":"IMG_1622 - Par\u00f3quia S\u00e3o Jo\u00e3o Batista","inLanguage":"pt-BR","isPartOf":{"@id":"https:\/\/psjbatista.org.br\/paroquia\/#website"},"breadcrumb":{"@id":"https:\/\/psjbatista.org.br\/paroquia\/exposicao-de-presepios-2014\/img_1622\/#breadcrumblist"},"author":{"@id":"https:\/\/psjbatista.org.br\/paroquia\/author\/admin-2\/#author"},"creator":{"@id":"https:\/\/psjbatista.org.br\/paroquia\/author\/admin-2\/#author"},"datePublished":"2014-12-11T13:21:24-02:00","dateModified":"2014-12-11T13:21:24-02:00"},{"@type":"Organization","@id":"https:\/\/psjbatista.org.br\/paroquia\/#organization","name":"Par\u00f3quia S\u00e3o Jo\u00e3o Batista","description":"Rudge Ramos\/SBC  - Diocese de Santo Andr\u00e9 - Brasil","url":"https:\/\/psjbatista.org.br\/paroquia\/","telephone":"+551143685026","logo":{"@type":"ImageObject","url":"https:\/\/psjbatista.org.br\/paroquia\/wp-content\/uploads\/2016\/03\/cropped-avatarSJB.png","@id":"https:\/\/psjbatista.org.br\/paroquia\/exposicao-de-presepios-2014\/img_1622\/#organizationLogo","width":512,"height":512},"image":{"@id":"https:\/\/psjbatista.org.br\/paroquia\/exposicao-de-presepios-2014\/img_1622\/#organizationLogo"},"sameAs":["https:\/\/www.facebook.com\/psjbrudgeramos\/","https:\/\/twitter.com\/sjbatista_sbc","https:\/\/www.instagram.com\/sjbatista_sbc\/"]},{"@type":"Person","@id":"https:\/\/psjbatista.org.br\/paroquia\/author\/admin-2\/#author","url":"https:\/\/psjbatista.org.br\/paroquia\/author\/admin-2\/","name":"Webmaster","image":{"@type":"ImageObject","@id":"https:\/\/psjbatista.org.br\/paroquia\/exposicao-de-presepios-2014\/img_1622\/#authorImage","url":"https:\/\/psjbatista.org.br\/paroquia\/wp-content\/uploads\/2014\/08\/PSJB_-150x150.png","width":96,"height":96,"caption":"Webmaster"}},{"@type":"WebSite","@id":"https:\/\/psjbatista.org.br\/paroquia\/#website","url":"https:\/\/psjbatista.org.br\/paroquia\/","name":"Par\u00f3quia S\u00e3o Jo\u00e3o Batista","alternateName":"Igreja S\u00e3o Jo\u00e3o Batista Rudge Ramos","description":"Rudge Ramos\/SBC  - Diocese de Santo Andr\u00e9 - Brasil","inLanguage":"pt-BR","publisher":{"@id":"https:\/\/psjbatista.org.br\/paroquia\/#organization"}}]},"og:locale":"pt_BR","og:site_name":"Par\u00f3quia S\u00e3o Jo\u00e3o Batista Rudge Ramos\/SBC  - Diocese de Santo Andr\u00e9 - Brasil","og:type":"article","og:title":"IMG_1622 - Par\u00f3quia S\u00e3o Jo\u00e3o Batista","og:url":"https:\/\/psjbatista.org.br\/paroquia\/exposicao-de-presepios-2014\/img_1622\/","article:published_time":"2014-12-11T15:21:24+00:00","article:modified_time":"2014-12-11T15:21:24+00:00","article:publisher":"https:\/\/www.facebook.com\/psjbrudgeramos\/","twitter:card":"summary_large_image","twitter:site":"@sjbatista_sbc","twitter:title":"IMG_1622 - Par\u00f3quia S\u00e3o Jo\u00e3o Batista","twitter:creator":"@sjbatista_sbc"},"aioseo_meta_data":{"post_id":"3408","title":null,"description":null,"keywords":null,"keyphrases":null,"primary_term":null,"canonical_url":null,"og_title":null,"og_description":null,"og_object_type":"default","og_image_type":"default","og_image_url":null,"og_image_width":null,"og_image_height":null,"og_image_custom_url":null,"og_image_custom_fields":null,"og_video":null,"og_custom_url":null,"og_article_section":null,"og_article_tags":null,"twitter_use_og":false,"twitter_card":"default","twitter_image_type":"default","twitter_image_url":null,"twitter_image_custom_url":null,"twitter_image_custom_fields":null,"twitter_title":null,"twitter_description":null,"schema":{"blockGraphs":[],"customGraphs":[],"default":{"data":{"Article":[],"Course":[],"Dataset":[],"FAQPage":[],"Movie":[],"Person":[],"Product":[],"ProductReview":[],"Car":[],"Recipe":[],"Service":[],"SoftwareApplication":[],"WebPage":[]},"graphName":"","isEnabled":true},"graphs":[]},"schema_type":"default","schema_type_options":null,"pillar_content":false,"robots_default":true,"robots_noindex":false,"robots_noarchive":false,"robots_nosnippet":false,"robots_nofollow":false,"robots_noimageindex":false,"robots_noodp":false,"robots_notranslate":false,"robots_max_snippet":null,"robots_max_videopreview":null,"robots_max_imagepreview":"large","priority":null,"frequency":null,"local_seo":null,"breadcrumb_settings":null,"limit_modified_date":false,"ai":null,"created":"2024-02-13 22:25:30","updated":"2025-06-08 23:34:22","seo_analyzer_scan_date":null},"aioseo_breadcrumb":"<div class=\"aioseo-breadcrumbs\"><span class=\"aioseo-breadcrumb\">\n\t\t\t<a href=\"https:\/\/psjbatista.org.br\/paroquia\" title=\"Home\">Home<\/a>\n\t\t<\/span><span class=\"aioseo-breadcrumb-separator\">&raquo;<\/span><span class=\"aioseo-breadcrumb\">\n\t\t\tIMG_1622\n\t\t<\/span><\/div>","aioseo_breadcrumb_json":[{"label":"Home","link":"https:\/\/psjbatista.org.br\/paroquia"},{"label":"IMG_1622","link":"https:\/\/psjbatista.org.br\/paroquia\/exposicao-de-presepios-2014\/img_1622\/"}],"description":{"rendered":"<p class=\"attachment\"><a href='https:\/\/psjbatista.org.br\/paroquia\/wp-content\/uploads\/2014\/12\/IMG_1622.jpg'><img loading=\"lazy\" decoding=\"async\" width=\"320\" height=\"213\" src=\"https:\/\/psjbatista.org.br\/paroquia\/wp-content\/uploads\/2014\/12\/IMG_1622-320x213.jpg\" class=\"attachment-medium size-medium\" alt=\"\" srcset=\"https:\/\/psjbatista.org.br\/paroquia\/wp-content\/uploads\/2014\/12\/IMG_1622-320x213.jpg 320w, https:\/\/psjbatista.org.br\/paroquia\/wp-content\/uploads\/2014\/12\/IMG_1622-768x512.jpg 768w, https:\/\/psjbatista.org.br\/paroquia\/wp-content\/uploads\/2014\/12\/IMG_1622-640x427.jpg 640w, https:\/\/psjbatista.org.br\/paroquia\/wp-content\/uploads\/2014\/12\/IMG_1622-272x182.jpg 272w, https:\/\/psjbatista.org.br\/paroquia\/wp-content\/uploads\/2014\/12\/IMG_1622-300x199.jpg 300w, https:\/\/psjbatista.org.br\/paroquia\/wp-content\/uploads\/2014\/12\/IMG_1622-1024x682.jpg 1024w, https:\/\/psjbatista.org.br\/paroquia\/wp-content\/uploads\/2014\/12\/IMG_1622-1200x800.jpg 1200w\" sizes=\"auto, (max-width: 320px) 100vw, 320px\" \/><\/a><\/p>\n"},"caption":{"rendered":""},"alt_text":"","media_type":"image","mime_type":"image\/jpeg","media_details":{"width":3464,"height":2309,"file":"2014\/12\/IMG_1622.jpg","sizes":{"thumbnail":{"file":"IMG_1622-150x150.jpg","width":150,"height":150,"wp_smushit":"Reduced by 2.0% (1.2&nbsp;KB)","ewww_image_optimizer":"Sem redu\u00e7\u00f5es","mime_type":"image\/jpeg","source_url":"https:\/\/psjbatista.org.br\/paroquia\/wp-content\/uploads\/2014\/12\/IMG_1622-150x150.jpg"},"medium":{"file":"IMG_1622-320x213.jpg","width":320,"height":213,"mime_type":"image\/jpeg","source_url":"https:\/\/psjbatista.org.br\/paroquia\/wp-content\/uploads\/2014\/12\/IMG_1622-320x213.jpg"},"medium_large":{"file":"IMG_1622-768x512.jpg","width":768,"height":512,"mime_type":"image\/jpeg","source_url":"https:\/\/psjbatista.org.br\/paroquia\/wp-content\/uploads\/2014\/12\/IMG_1622-768x512.jpg"},"large":{"file":"IMG_1622-640x427.jpg","width":640,"height":427,"mime_type":"image\/jpeg","source_url":"https:\/\/psjbatista.org.br\/paroquia\/wp-content\/uploads\/2014\/12\/IMG_1622-640x427.jpg"},"widgets_image_size":{"file":"IMG_1622-800x2309.jpg","width":800,"height":2309,"mime_type":"image\/jpeg","source_url":"https:\/\/psjbatista.org.br\/paroquia\/wp-content\/uploads\/2014\/12\/IMG_1622-800x2309.jpg"},"readline-small":{"file":"IMG_1622-200x200.jpg","width":200,"height":200,"mime_type":"image\/jpeg","source_url":"https:\/\/psjbatista.org.br\/paroquia\/wp-content\/uploads\/2014\/12\/IMG_1622-200x200.jpg"},"readline-medium":{"file":"IMG_1622-520x292.jpg","width":520,"height":292,"mime_type":"image\/jpeg","source_url":"https:\/\/psjbatista.org.br\/paroquia\/wp-content\/uploads\/2014\/12\/IMG_1622-520x292.jpg"},"readline-large":{"file":"IMG_1622-720x404.jpg","width":720,"height":404,"mime_type":"image\/jpeg","source_url":"https:\/\/psjbatista.org.br\/paroquia\/wp-content\/uploads\/2014\/12\/IMG_1622-720x404.jpg"},"readline-huge":{"file":"IMG_1622-1280x620.jpg","width":1280,"height":620,"mime_type":"image\/jpeg","source_url":"https:\/\/psjbatista.org.br\/paroquia\/wp-content\/uploads\/2014\/12\/IMG_1622-1280x620.jpg"},"readline-square":{"file":"IMG_1622-500x500.jpg","width":500,"height":500,"mime_type":"image\/jpeg","source_url":"https:\/\/psjbatista.org.br\/paroquia\/wp-content\/uploads\/2014\/12\/IMG_1622-500x500.jpg"},"readline-height":{"file":"IMG_1622-320x480.jpg","width":320,"height":480,"mime_type":"image\/jpeg","source_url":"https:\/\/psjbatista.org.br\/paroquia\/wp-content\/uploads\/2014\/12\/IMG_1622-320x480.jpg"},"alx-small":{"file":"IMG_1622-200x200.jpg","width":200,"height":200,"mime_type":"image\/jpeg","source_url":"https:\/\/psjbatista.org.br\/paroquia\/wp-content\/uploads\/2014\/12\/IMG_1622-200x200.jpg"},"alx-medium":{"file":"IMG_1622-520x292.jpg","width":520,"height":292,"mime_type":"image\/jpeg","source_url":"https:\/\/psjbatista.org.br\/paroquia\/wp-content\/uploads\/2014\/12\/IMG_1622-520x292.jpg"},"sow-carousel-default":{"file":"IMG_1622-272x182.jpg","width":272,"height":182,"mime_type":"image\/jpeg","source_url":"https:\/\/psjbatista.org.br\/paroquia\/wp-content\/uploads\/2014\/12\/IMG_1622-272x182.jpg"},"medium_old_300x199":{"file":"IMG_1622-300x199.jpg","width":300,"height":199,"wp_smushit":"Reduced by 3.6% (3.3&nbsp;KB)","ewww_image_optimizer":"Sem redu\u00e7\u00f5es","mime_type":"image\/jpeg","source_url":"https:\/\/psjbatista.org.br\/paroquia\/wp-content\/uploads\/2014\/12\/IMG_1622-300x199.jpg"},"large_old_1024x682":{"file":"IMG_1622-1024x682.jpg","width":1024,"height":682,"wp_smushit":"Reduced by 6.1% (27.7&nbsp;KB)","ewww_image_optimizer":"Sem redu\u00e7\u00f5es","mime_type":"image\/jpeg","source_url":"https:\/\/psjbatista.org.br\/paroquia\/wp-content\/uploads\/2014\/12\/IMG_1622-1024x682.jpg"},"aspect-thumb":{"file":"IMG_1622-1200x800.jpg","width":1200,"height":800,"wp_smushit":"Reduced by 6.0% (35.1&nbsp;KB)","ewww_image_optimizer":"Sem redu\u00e7\u00f5es","mime_type":"image\/jpeg","source_url":"https:\/\/psjbatista.org.br\/paroquia\/wp-content\/uploads\/2014\/12\/IMG_1622-1200x800.jpg"},"basic-thumb":{"file":"IMG_1622-500x500.jpg","width":500,"height":500,"wp_smushit":"Reduced by 5.3% (10.5&nbsp;KB)","ewww_image_optimizer":"Sem redu\u00e7\u00f5es","mime_type":"image\/jpeg","source_url":"https:\/\/psjbatista.org.br\/paroquia\/wp-content\/uploads\/2014\/12\/IMG_1622-500x500.jpg"},"landscape-thumb":{"file":"IMG_1622-1000x500.jpg","width":1000,"height":500,"wp_smushit":"Reduced by 5.9% (20.6&nbsp;KB)","ewww_image_optimizer":"Sem redu\u00e7\u00f5es","mime_type":"image\/jpeg","source_url":"https:\/\/psjbatista.org.br\/paroquia\/wp-content\/uploads\/2014\/12\/IMG_1622-1000x500.jpg"},"tall-thumb":{"file":"IMG_1622-500x1000.jpg","width":500,"height":1000,"wp_smushit":"Reduced by 4.9% (14.6&nbsp;KB)","ewww_image_optimizer":"Sem redu\u00e7\u00f5es","mime_type":"image\/jpeg","source_url":"https:\/\/psjbatista.org.br\/paroquia\/wp-content\/uploads\/2014\/12\/IMG_1622-500x1000.jpg"},"big-thumb":{"file":"IMG_1622-1000x1000.jpg","width":1000,"height":1000,"wp_smushit":"Reduced by 5.3% (30.3&nbsp;KB)","ewww_image_optimizer":"Sem redu\u00e7\u00f5es","mime_type":"image\/jpeg","source_url":"https:\/\/psjbatista.org.br\/paroquia\/wp-content\/uploads\/2014\/12\/IMG_1622-1000x1000.jpg"},"full":{"file":"IMG_1622.jpg","width":3464,"height":2309,"mime_type":"image\/jpeg","source_url":"https:\/\/psjbatista.org.br\/paroquia\/wp-content\/uploads\/2014\/12\/IMG_1622.jpg"}},"image_meta":{"aperture":"0","credit":"","camera":"","caption":"","created_timestamp":"0","copyright":"","focal_length":"0","iso":"0","shutter_speed":"0","title":"","orientation":"0","keywords":[]}},"post":3384,"source_url":"https:\/\/psjbatista.org.br\/paroquia\/wp-content\/uploads\/2014\/12\/IMG_1622.jpg","filename":"IMG_1622.jpg","filesize":3044995,"_links":{"self":[{"href":"https:\/\/psjbatista.org.br\/paroquia\/wp-json\/wp\/v2\/media\/3408","targetHints":{"allow":["GET"]}}],"collection":[{"href":"https:\/\/psjbatista.org.br\/paroquia\/wp-json\/wp\/v2\/media"}],"about":[{"href":"https:\/\/psjbatista.org.br\/paroquia\/wp-json\/wp\/v2\/types\/attachment"}],"author":[{"embeddable":true,"href":"https:\/\/psjbatista.org.br\/paroquia\/wp-json\/wp\/v2\/users\/5"}],"replies":[{"embeddable":true,"href":"https:\/\/psjbatista.org.br\/paroquia\/wp-json\/wp\/v2\/comments?post=3408"}],"wp:attached-to":[{"embeddable":true,"post_type":"post","id":3384,"href":"https:\/\/psjbatista.org.br\/paroquia\/wp-json\/wp\/v2\/posts\/3384"}],"curies":[{"name":"wp","href":"https:\/\/api.w.org\/{rel}","templated":true}]}}